{"id":360,"date":"2023-04-19T00:52:56","date_gmt":"2023-04-19T00:52:56","guid":{"rendered":"https:\/\/hogar-redes.cl\/?page_id=360"},"modified":"2024-08-28T00:30:01","modified_gmt":"2024-08-28T00:30:01","slug":"ley-20-032","status":"publish","type":"page","link":"https:\/\/hogar-redes.cl\/?page_id=360","title":{"rendered":"Ley 20.032"},"content":{"rendered":"\n<p class=\"has-small-font-size\">En virtud de la Ley 20.032 que Regula el R\u00e9gimen de Aportes Financieros del Estado a los Colaboradores Acreditados, la instituci\u00f3n se permite declarar:<\/p>\n\n\n\n<p class=\"has-small-font-size\"><strong>Nombre Instituci\u00f3n<\/strong>:<\/p>\n\n\n\n<p class=\"has-small-font-size\">Hermanas Franciscanas Misioneras de Jes\u00fas<\/p>\n\n\n\n<p class=\"has-small-font-size\"><strong>Rut<\/strong>: <\/p>\n\n\n\n<p class=\"has-small-font-size\">70.672.400-1<\/p>\n\n\n\n<p class=\"has-small-font-size\"><strong>Fecha de creaci\u00f3n<\/strong>: <\/p>\n\n\n\n<p class=\"has-small-font-size\">05\/06\/1979, Decreto N\u00b0 365 del Arzobispado de La Serena<\/p>\n\n\n\n<p class=\"has-small-font-size\"><strong>Direcci\u00f3n<\/strong>: <\/p>\n\n\n\n<p class=\"has-small-font-size\">Calle Padre Hurtado 911 \u2013 Parte Alta &#8211; Coquimbo<\/p>\n\n\n\n<p class=\"has-small-font-size\"><strong>Tel\u00e9fono<\/strong>: <\/p>\n\n\n\n<p class=\"has-small-font-size\">332528548<\/p>\n\n\n\n<p class=\"has-small-font-size\"><strong>Representante Legal<\/strong>: <\/p>\n\n\n\n<p class=\"has-small-font-size\">Ver\u00f3nica del Carmen Collao Aguirre<\/p>\n\n\n\n<p class=\"has-small-font-size\"><strong>Rut<\/strong>: <\/p>\n\n\n\n<p class=\"has-small-font-size\">9.701.193-1<\/p>\n\n\n\n<p class=\"has-small-font-size\"><strong>Correo electr\u00f3nico<\/strong>:<\/p>\n\n\n\n<p class=\"has-small-font-size\"> <a href=\"mailto:hnaveronicafranciscana@gmail.com\">hnaveronicafranciscana@gmail.com<\/a><\/p>\n\n\n\n<p class=\"has-small-font-size\">&nbsp;<a href=\"mailto:hogar.redes.direccion@gmail.com\">hogar.redes.direccion@gmail.com<\/a><\/p>\n\n\n\n<p class=\"has-small-font-size\"><strong>Tipo de Organizaci\u00f3n<\/strong>: <\/p>\n\n\n\n<p class=\"has-small-font-size\">Sin Fines de Lucro<\/p>\n\n\n\n<p class=\"has-small-font-size\"><strong>Personalidad Jur\u00eddica<\/strong>: <\/p>\n\n\n\n<p class=\"has-small-font-size\">Instituto Religioso de derecho diocesano<\/p>\n\n\n\n<p class=\"has-small-font-size\"><strong>Superiora General<\/strong>:<\/p>\n\n\n\n<p class=\"has-small-font-size\">Ver\u00f3nica del Carmen Collao Aguirre<\/p>\n\n\n\n<p class=\"has-small-font-size\"><strong>Consejo General<\/strong>:<\/p>\n\n\n\n<p class=\"has-small-font-size\">Ana Mar\u00eda Tapia Rivera, Silvia Gonz\u00e1lez Monroy, Claudia Figueroa &nbsp;Figueroa<\/p>\n\n\n\n<p class=\"has-small-font-size\"><strong>Vigencia<\/strong>:<\/p>\n\n\n\n<p class=\"has-small-font-size\">2024 a 2028<\/p>\n\n\n\n<p><\/p>\n\n\n\n<p><\/p>\n\n\n\n<p class=\"has-medium-font-size\"><strong>Finalidad<\/strong><\/p>\n\n\n\n<p class=\"has-small-font-size\"><em>La Fraternidad busca y tiende a la santidad de sus miembros, los que en sabidur\u00eda y amor \u201cviven en el mundo sin ser del mundo\u201d siendo contemplativas en la acci\u00f3n y por su alegr\u00eda son testigos de la resurrecci\u00f3n de Cristo en cuyo gozo pascual desarrollan la pr\u00e1ctica jubilosa de los consejos evang\u00e9licos, a ejemplo de la Sant\u00edsima Virgen Mar\u00eda, modelo de vida consagrada.<\/em><\/p>\n\n\n\n<p class=\"has-small-font-size\"><em>Las Hermanas vivir\u00e1n en el humilde servicio entre la gente especialmente la m\u00e1s pobre y marginada, amando y sirviendo a todos y trabajando por la construcci\u00f3n del Reino. Es aqu\u00ed donde la Fraternidad, encuentra concretamente su raz\u00f3n de ser. (Constituci\u00f3n, Capitulo I, Finalidad, Art\u00edculos 4 y 5)<\/em><\/p>\n\n\n\n<p><\/p>\n\n\n\n<p><\/p>\n\n\n\n<p class=\"has-medium-font-size\"><strong>Certificado Representante Legal<\/strong><\/p>\n\n\n\n<figure class=\"wp-block-image size-full\"><img loading=\"lazy\" decoding=\"async\" width=\"694\" height=\"869\" src=\"https:\/\/hogar-redes.cl\/wp-content\/uploads\/2023\/04\/Representante-legal-2023-Pers-Juridica.jpg\" alt=\"\" class=\"wp-image-373\" srcset=\"https:\/\/hogar-redes.cl\/wp-content\/uploads\/2023\/04\/Representante-legal-2023-Pers-Juridica.jpg 694w, https:\/\/hogar-redes.cl\/wp-content\/uploads\/2023\/04\/Representante-legal-2023-Pers-Juridica-240x300.jpg 240w\" sizes=\"auto, (max-width: 694px) 100vw, 694px\" \/><\/figure>\n\n\n\n<p class=\"has-medium-font-size\"><strong>Manual de Prevenci\u00f3n del Delito <\/strong><\/p>\n\n\n\n<p class=\"has-small-font-size\">Hermanas Franciscanas Misioneras de Jes\u00fas, en conformidad con lo previsto en la Ley N\u00b0 20.393, asume su obligaci\u00f3n \u00e9tica y legal de prevenir y detectar la comisi\u00f3n de los delitos contemplados en la normativa citada, voluntad que se expresa con la dictaci\u00f3n del presente Manual de Prevenci\u00f3n de Delitos. La Ley N\u00b0 20.393 dispone que las Personas Jur\u00eddicas ser\u00e1n responsables de diversos, en relevancia para el presente documento, Delitos que afecten la vida, la integridad f\u00edsica o psicol\u00f3gica, la indemnidad sexual, privacidad, de ni\u00f1os, ni\u00f1as, as\u00ed como tambi\u00e9n Delitos que afecten o comprometan el patrimonio del Estado, especialmente en materia de malversaci\u00f3n de caudales p\u00fablicos,&nbsp; delitos de Lavado de Activos , Financiamiento del Terrorismo, Cohecho, Receptaci\u00f3n, Negociaci\u00f3n Incompatible, Soborno entre Particulares, Apropiaci\u00f3n Indebida y Administraci\u00f3n Desleal, que fueran cometidos directamente en beneficio de la misma, por sus responsables, representantes o quienes realicen actividades de administraci\u00f3n o supervisi\u00f3n, siempre que la comisi\u00f3n del delito fuere consecuencia del incumplimiento, por parte del organismo de los deberes de Direcci\u00f3n y Supervisi\u00f3n. La instituci\u00f3n, tambi\u00e9n responde penalmente cuando los delitos hayan sido cometidos por personas naturales que est\u00e9n bajo la supervisi\u00f3n directa de alguna de las personas anteriormente nombradas. Dentro de las manifestaciones m\u00e1s relevantes del Deber de Direcci\u00f3n y Supervisi\u00f3n, la estructura organizativa de la instituci\u00f3n Hermanas Franciscanas Misioneras de Jes\u00fas ha resuelto adoptar el presente &#8220;Modelo de Prevenci\u00f3n de Delitos&#8221;. Descargar:  <a rel=\"noreferrer noopener\" href=\"https:\/\/drive.google.com\/file\/d\/14T0WgKNX9nQ85gr4LWs2XtxcwDn4guv0\/view?usp=sharing\" target=\"_blank\">https:\/\/drive.google.com\/file\/d\/14T0WgKNX9nQ85gr4LWs2XtxcwDn4guv0\/view?usp=sharing<\/a><\/p>\n\n\n\n<p><\/p>\n\n\n\n<p class=\"has-medium-font-size\"><strong>Proyecto Desarrollado con Servicio Mejor Ni\u00f1ez<\/strong><\/p>\n\n\n\n<p class=\"has-small-font-size\">RLP PER Hogar Redes \u2013 Coquimbo, desde Junio 2020, actualmente vigente, el cual se encuentra ubicado en calle Padre Hurtado 911, Parte Alta, Coquimbo. Residencia atiende a lactantes y preescolares de 0 a 7 a\u00f1os, derivados por Juzgado de Familia bajo medida de protecci\u00f3n por alg\u00fan tipo de vulneraci\u00f3n de derechos, cuyo financiamiento proviene del Servicio de Protecci\u00f3n Especializada a la Ni\u00f1ez y Adolescencia, el cual supervisa t\u00e9cnica, administrativa y financieramente al proyecto.<\/p>\n\n\n\n<p class=\"has-small-font-size\">Durante el a\u00f1o 2023 la Residencia atendi\u00f3 a 43 ni\u00f1os y ni\u00f1as con un promedio mensual de 25 ni\u00f1os\/as que recibieron cuidados por parte del Programa, con 21 ingresos y 18 egresos en el periodo Enero a Diciembre.<\/p>\n\n\n\n<p class=\"has-small-font-size\">Por otra parte se realizan jornadas de capacitaci\u00f3n para el personal durante el a\u00f1o 2023 relacionadas con los siguientes temas:<\/p>\n\n\n\n<figure class=\"wp-block-image size-full\"><img loading=\"lazy\" decoding=\"async\" width=\"611\" height=\"496\" src=\"https:\/\/hogar-redes.cl\/wp-content\/uploads\/2024\/08\/Capacitaciones2023.jpg\" alt=\"\" class=\"wp-image-384\" srcset=\"https:\/\/hogar-redes.cl\/wp-content\/uploads\/2024\/08\/Capacitaciones2023.jpg 611w, https:\/\/hogar-redes.cl\/wp-content\/uploads\/2024\/08\/Capacitaciones2023-300x244.jpg 300w\" sizes=\"auto, (max-width: 611px) 100vw, 611px\" \/><\/figure>\n\n\n\n<p class=\"has-small-font-size\"><\/p>\n\n\n\n<p class=\"has-small-font-size\">El proyecto cuenta con un equipo multidisciplinario para la adecuada atenci\u00f3n de los ni\u00f1os\/as, cuya n\u00f3mina de trabajadores\/as (a Abril 2023) se detalla de la siguiente manera: <a href=\"https:\/\/drive.google.com\/file\/d\/15wEWHfAjrl6OF8_Sh45xarUUQHQDfwlx\/view?usp=drive_link\">https:\/\/drive.google.com\/file\/d\/15wEWHfAjrl6OF8_Sh45xarUUQHQDfwlx\/view?usp=drive_link<\/a><\/p>\n\n\n\n<p><\/p>\n\n\n\n<p class=\"has-medium-font-size\"><strong>Organigrama<\/strong><\/p>\n\n\n\n<figure class=\"wp-block-image size-full\"><img loading=\"lazy\" decoding=\"async\" width=\"671\" height=\"425\" src=\"https:\/\/hogar-redes.cl\/wp-content\/uploads\/2024\/08\/Organigrama2024.jpg\" alt=\"\" class=\"wp-image-385\" srcset=\"https:\/\/hogar-redes.cl\/wp-content\/uploads\/2024\/08\/Organigrama2024.jpg 671w, https:\/\/hogar-redes.cl\/wp-content\/uploads\/2024\/08\/Organigrama2024-300x190.jpg 300w\" sizes=\"auto, (max-width: 671px) 100vw, 671px\" \/><\/figure>\n\n\n\n<p class=\"has-medium-font-size\"><\/p>\n\n\n\n<p><\/p>\n\n\n\n<p><strong>Convenios Vigentes<\/strong><\/p>\n\n\n\n<p><a href=\"https:\/\/drive.google.com\/file\/d\/1rioUUFKZDZtZbJ48LWpfxBs-xXsNzEwi\/view?usp=drive_link\">https:\/\/drive.google.com\/file\/d\/1rioUUFKZDZtZbJ48LWpfxBs-xXsNzEwi\/view?usp=drive_link<\/a><\/p>\n\n\n\n<p><a href=\"https:\/\/drive.google.com\/file\/d\/1sEUWSud8TDLM6-S-DeQT0Xi2eOAX1Rix\/view?usp=drive_link\">https:\/\/drive.google.com\/file\/d\/1sEUWSud8TDLM6-S-DeQT0Xi2eOAX1Rix\/view?usp=drive_link<\/a><\/p>\n\n\n\n<p><\/p>\n\n\n\n<p><strong>Memoria Anual<\/strong><\/p>\n\n\n\n<p><a href=\"https:\/\/drive.google.com\/file\/d\/1fzQWiTcH2YLPaB3h25GYml4A3II79zv4\/view?usp=drive_link\">https:\/\/drive.google.com\/file\/d\/1fzQWiTcH2YLPaB3h25GYml4A3II79zv4\/view?usp=drive_link<\/a><\/p>\n\n\n\n<p class=\"has-medium-font-size\"><strong>Balances financieros 2022 &#8211; 2023<\/strong><\/p>\n\n\n\n<p><a href=\"https:\/\/drive.google.com\/file\/d\/1Nxxd_peSW4FtTazlaYd10HSzPVhrMCFI\/view?usp=drive_link\">https:\/\/drive.google.com\/file\/d\/1Nxxd_peSW4FtTazlaYd10HSzPVhrMCFI\/view?usp=drive_link<\/a><\/p>\n\n\n\n<p><a href=\"https:\/\/drive.google.com\/file\/d\/1fzQWiTcH2YLPaB3h25GYml4A3II79zv4\/view?usp=drive_link\">https:\/\/drive.google.com\/file\/d\/1fzQWiTcH2YLPaB3h25GYml4A3II79zv4\/view?usp=drive_link<\/a><\/p>\n","protected":false},"excerpt":{"rendered":"<p>En virtud de la Ley 20.032 que Regula el R\u00e9gimen de Aportes Financieros del Estado a los Colaboradores Acreditados, la instituci\u00f3n se permite declarar: Nombre Instituci\u00f3n: Hermanas Franciscanas Misioneras de Jes\u00fas Rut: 70.672.400-1 Fecha de creaci\u00f3n: 05\/06\/1979, Decreto N\u00b0 365 del Arzobispado de La Serena Direcci\u00f3n: Calle Padre Hurtado 911 \u2013 Parte Alta &#8211; Coquimbo Tel\u00e9fono: 332528548 Representante Legal: Ver\u00f3nica del Carmen Collao Aguirre Rut: 9.701.193-1 Correo electr\u00f3nico: hnaveronicafranciscana@gmail.com &nbsp;hogar.redes.direccion@gmail.com Tipo de Organizaci\u00f3n: Sin Fines de Lucro Personalidad Jur\u00eddica: Instituto Religioso de derecho diocesano Superiora General: Ver\u00f3nica del Carmen Collao Aguirre Consejo General: Ana Mar\u00eda Tapia Rivera, Silvia Gonz\u00e1lez Monroy, Claudia Figueroa &nbsp;Figueroa Vigencia: 2024 a 2028 Finalidad La Fraternidad busca y tiende a la santidad de sus miembros, los que en sabidur\u00eda y amor \u201cviven en el mundo sin ser del mundo\u201d siendo contemplativas en la acci\u00f3n y por su alegr\u00eda son testigos de la resurrecci\u00f3n de Cristo en cuyo gozo pascual desarrollan la pr\u00e1ctica jubilosa de los consejos evang\u00e9licos, a ejemplo de la Sant\u00edsima Virgen Mar\u00eda, modelo de vida consagrada. Las Hermanas vivir\u00e1n en el humilde servicio entre la gente especialmente la m\u00e1s pobre y marginada, amando y sirviendo a todos y trabajando por la construcci\u00f3n del Reino. Es aqu\u00ed donde la Fraternidad, encuentra concretamente su raz\u00f3n de ser. (Constituci\u00f3n, Capitulo I, Finalidad, Art\u00edculos 4 y 5) Certificado Representante Legal Manual de Prevenci\u00f3n del Delito Hermanas Franciscanas Misioneras de Jes\u00fas, en conformidad con lo previsto en la Ley N\u00b0 20.393, asume su obligaci\u00f3n \u00e9tica y legal de prevenir y detectar la comisi\u00f3n de los delitos contemplados en la normativa citada, voluntad que se expresa con la dictaci\u00f3n del presente Manual de Prevenci\u00f3n de Delitos. La Ley N\u00b0 20.393 dispone que las Personas Jur\u00eddicas ser\u00e1n responsables de diversos, en relevancia para el presente documento, Delitos que afecten la vida, la integridad f\u00edsica o psicol\u00f3gica, la indemnidad sexual, privacidad, de ni\u00f1os, ni\u00f1as, as\u00ed como tambi\u00e9n Delitos que afecten o comprometan el patrimonio del Estado, especialmente en materia de malversaci\u00f3n de caudales p\u00fablicos,&nbsp; delitos de Lavado de Activos , Financiamiento del Terrorismo, Cohecho, Receptaci\u00f3n, Negociaci\u00f3n Incompatible, Soborno entre Particulares, Apropiaci\u00f3n Indebida y Administraci\u00f3n Desleal, que fueran cometidos directamente en beneficio de la misma, por sus responsables, representantes o quienes realicen actividades de administraci\u00f3n o supervisi\u00f3n, siempre que la comisi\u00f3n del delito fuere consecuencia del incumplimiento, por parte del organismo de los deberes de Direcci\u00f3n y Supervisi\u00f3n. La instituci\u00f3n, tambi\u00e9n responde penalmente cuando los delitos hayan sido cometidos por personas naturales que est\u00e9n bajo la supervisi\u00f3n directa de alguna de las personas anteriormente nombradas. Dentro de las manifestaciones m\u00e1s relevantes del Deber de Direcci\u00f3n y Supervisi\u00f3n, la estructura organizativa de la instituci\u00f3n Hermanas Franciscanas Misioneras de Jes\u00fas ha resuelto adoptar el presente &#8220;Modelo de Prevenci\u00f3n de Delitos&#8221;. Descargar: https:\/\/drive.google.com\/file\/d\/14T0WgKNX9nQ85gr4LWs2XtxcwDn4guv0\/view?usp=sharing Proyecto Desarrollado con Servicio Mejor Ni\u00f1ez RLP PER Hogar Redes \u2013 Coquimbo, desde Junio 2020, actualmente vigente, el cual se encuentra ubicado en calle Padre Hurtado 911, Parte Alta, Coquimbo. Residencia atiende a lactantes y preescolares de 0 a 7 a\u00f1os, derivados por Juzgado de Familia bajo medida de protecci\u00f3n por alg\u00fan tipo de vulneraci\u00f3n de derechos, cuyo financiamiento proviene del Servicio de Protecci\u00f3n Especializada a la Ni\u00f1ez y Adolescencia, el cual supervisa t\u00e9cnica, administrativa y financieramente al proyecto. Durante el a\u00f1o 2023 la Residencia atendi\u00f3 a 43 ni\u00f1os y ni\u00f1as con un promedio mensual de 25 ni\u00f1os\/as que recibieron cuidados por parte del Programa, con 21 ingresos y 18 egresos en el periodo Enero a Diciembre. Por otra parte se realizan jornadas de capacitaci\u00f3n para el personal durante el a\u00f1o 2023 relacionadas con los siguientes temas: El proyecto cuenta con un equipo multidisciplinario para la adecuada atenci\u00f3n de los ni\u00f1os\/as, cuya n\u00f3mina de trabajadores\/as (a Abril 2023) se detalla de la siguiente manera: https:\/\/drive.google.com\/file\/d\/15wEWHfAjrl6OF8_Sh45xarUUQHQDfwlx\/view?usp=drive_link Organigrama Convenios Vigentes https:\/\/drive.google.com\/file\/d\/1rioUUFKZDZtZbJ48LWpfxBs-xXsNzEwi\/view?usp=drive_link https:\/\/drive.google.com\/file\/d\/1sEUWSud8TDLM6-S-DeQT0Xi2eOAX1Rix\/view?usp=drive_link Memoria Anual https:\/\/drive.google.com\/file\/d\/1fzQWiTcH2YLPaB3h25GYml4A3II79zv4\/view?usp=drive_link Balances financieros 2022 &#8211; 2023 https:\/\/drive.google.com\/file\/d\/1Nxxd_peSW4FtTazlaYd10HSzPVhrMCFI\/view?usp=drive_link https:\/\/drive.google.com\/file\/d\/1fzQWiTcH2YLPaB3h25GYml4A3II79zv4\/view?usp=drive_link<\/p>\n","protected":false},"author":1,"featured_media":0,"parent":0,"menu_order":0,"comment_status":"closed","ping_status":"closed","template":"","meta":{"footnotes":""},"class_list":["post-360","page","type-page","status-publish","hentry"],"_links":{"self":[{"href":"https:\/\/hogar-redes.cl\/index.php?rest_route=\/wp\/v2\/pages\/360","targetHints":{"allow":["GET"]}}],"collection":[{"href":"https:\/\/hogar-redes.cl\/index.php?rest_route=\/wp\/v2\/pages"}],"about":[{"href":"https:\/\/hogar-redes.cl\/index.php?rest_route=\/wp\/v2\/types\/page"}],"author":[{"embeddable":true,"href":"https:\/\/hogar-redes.cl\/index.php?rest_route=\/wp\/v2\/users\/1"}],"replies":[{"embeddable":true,"href":"https:\/\/hogar-redes.cl\/index.php?rest_route=%2Fwp%2Fv2%2Fcomments&post=360"}],"version-history":[{"count":12,"href":"https:\/\/hogar-redes.cl\/index.php?rest_route=\/wp\/v2\/pages\/360\/revisions"}],"predecessor-version":[{"id":386,"href":"https:\/\/hogar-redes.cl\/index.php?rest_route=\/wp\/v2\/pages\/360\/revisions\/386"}],"wp:attachment":[{"href":"https:\/\/hogar-redes.cl\/index.php?rest_route=%2Fwp%2Fv2%2Fmedia&parent=360"}],"curies":[{"name":"wp","href":"https:\/\/api.w.org\/{rel}","templated":true}]}}